{"id":294,"date":"2016-11-03T16:50:09","date_gmt":"2016-11-03T16:50:09","guid":{"rendered":"http:\/\/lawyer2.mythemecloud.io\/?page_id=294"},"modified":"2024-05-24T10:28:02","modified_gmt":"2024-05-24T08:28:02","slug":"practice-areas","status":"publish","type":"page","link":"https:\/\/faow.pl\/?page_id=294","title":{"rendered":"Projekty"},"content":{"rendered":"\t\t<div data-elementor-type=\"wp-post\" data-elementor-id=\"294\" class=\"elementor elementor-294\">\n\t\t\t\t<div class=\"elementor-element elementor-element-4708a43 e-flex e-con-boxed e-con e-parent\" data-id=\"4708a43\" data-element_type=\"container\">\n\t\t\t\t\t<div class=\"e-con-inner\">\n\t\t\t\t<div class=\"elementor-element elementor-element-1cc07e0 elementor-widget elementor-widget-text-editor\" data-id=\"1cc07e0\" data-element_type=\"widget\" data-widget_type=\"text-editor.default\">\n\t\t\t\t<div class=\"elementor-widget-container\">\n\t\t\t\t\t\t\t\t\t<p>Projekty:<\/p>\n<p><a href=\"https:\/\/faow.pl\/?p=1295\">Organizacje wiejskie w procesie stanowienia prawa (\u201ePrawo na wsi\u201d)\u200b\u200b<\/a><p>\n<p><a href=\"https:\/\/faow.pl\/?page_id=1283\">Akademia Umiej\u0119tno\u015bci Animatora LGD\u200b<\/a><p>\t\t\t\t\t\t\t\t<\/div>\n\t\t\t\t<\/div>\n\t\t\t\t\t<\/div>\n\t\t\t\t<\/div>\n\t\t\t\t<section class=\"elementor-section elementor-top-section elementor-element elementor-element-bu71rau elementor-section-boxed elementor-section-height-default elementor-section-height-default\" data-id=\"bu71rau\" data-element_type=\"section\" data-settings=\"{&quot;background_background&quot;:&quot;classic&quot;}\">\n\t\t\t\t\t\t<div class=\"elementor-container elementor-column-gap-default\">\n\t\t\t\t\t<div class=\"elementor-column elementor-col-33 elementor-top-column elementor-element elementor-element-p4b3n7m\" data-id=\"p4b3n7m\" data-element_type=\"column\">\n\t\t\t<div class=\"elementor-widget-wrap elementor-element-populated\">\n\t\t\t\t\t\t<div class=\"elementor-element elementor-element-73gt1to areas-box elementor-position-top elementor-widget elementor-widget-image-box\" data-id=\"73gt1to\" data-element_type=\"widget\" data-widget_type=\"image-box.default\">\n\t\t\t\t<div class=\"elementor-widget-container\">\n\t\t\t\t\t<div class=\"elementor-image-box-wrapper\"><figure class=\"elementor-image-box-img\"><a href=\"https:\/\/faow.pl\/?p=1295\" tabindex=\"-1\"><img fetchpriority=\"high\" decoding=\"async\" width=\"580\" height=\"408\" src=\"https:\/\/faow.pl\/wp-content\/uploads\/2024\/04\/logo_owwpsp_landscape_580x580.jpg\" class=\"attachment-full size-full wp-image-1297\" alt=\"\" srcset=\"https:\/\/faow.pl\/wp-content\/uploads\/2024\/04\/logo_owwpsp_landscape_580x580.jpg 580w, https:\/\/faow.pl\/wp-content\/uploads\/2024\/04\/logo_owwpsp_landscape_580x580-300x211.jpg 300w\" sizes=\"(max-width: 580px) 100vw, 580px\" \/><\/a><\/figure><div class=\"elementor-image-box-content\"><h2 class=\"elementor-image-box-title\"><a href=\"https:\/\/faow.pl\/?p=1295\">Organizacje wiejskie w procesie stanowienia prawa (\u201ePrawo na wsi\u201d)<\/a><\/h2><p class=\"elementor-image-box-description\">Celem g\u0142\u00f3wnym projektu by\u0142o podniesienie kompetencji eksperckich przedstawicieli organizacji pozarz\u0105dowych ze wsi i ma\u0142ych miast \u2013 tych kompetencji, kt\u00f3re s\u0105 niezb\u0119dnym do udzia\u0142u tych organizacji w procesie stanowienia prawa. Zagadnienie jest wieloaspektowe, poniewa\u017c zakres podnoszenia kompetencji w projekcie obejmowa\u0142 dziedziny prawa szczeg\u00f3lnie istotne dla organizacji wiejskich \u2013 w tym prawo gospodarcze czy te\u017c prawo pracy, a tak\u017ce tematy og\u00f3lne takie jak ekonomia z elementami polityki przemys\u0142owej, ekonomia przedsi\u0119biorstwa, analiza finansowa. W ramach projektu prowadzono: webinaria, warsztaty, doradztwo i szkolenia praktyczne, specjalistyczne oraz szkolenia dla trener\u00f3w organizacji wiejskich.<\/p><\/div><\/div>\t\t\t\t<\/div>\n\t\t\t\t<\/div>\n\t\t\t\t<div class=\"elementor-element elementor-element-mudrmeq areas-box elementor-position-top elementor-widget elementor-widget-image-box\" data-id=\"mudrmeq\" data-element_type=\"widget\" data-widget_type=\"image-box.default\">\n\t\t\t\t<div class=\"elementor-widget-container\">\n\t\t\t\t\t<div class=\"elementor-image-box-wrapper\"><figure class=\"elementor-image-box-img\"><a href=\"https:\/\/faow.pl\/?p=1326\" tabindex=\"-1\"><img decoding=\"async\" width=\"960\" height=\"720\" src=\"https:\/\/faow.pl\/wp-content\/uploads\/2024\/04\/IMG_0562.jpg\" class=\"attachment-full size-full wp-image-1357\" alt=\"\" srcset=\"https:\/\/faow.pl\/wp-content\/uploads\/2024\/04\/IMG_0562.jpg 960w, https:\/\/faow.pl\/wp-content\/uploads\/2024\/04\/IMG_0562-300x225.jpg 300w, https:\/\/faow.pl\/wp-content\/uploads\/2024\/04\/IMG_0562-768x576.jpg 768w\" sizes=\"(max-width: 960px) 100vw, 960px\" \/><\/a><\/figure><div class=\"elementor-image-box-content\"><h2 class=\"elementor-image-box-title\"><a href=\"https:\/\/faow.pl\/?p=1326\">Szkolenia dla Lokalnych Grup Dzia\u0142ania<\/a><\/h2><p class=\"elementor-image-box-description\">Projekt realizowany by\u0142 na zlecenie Ministerstwa Rolnictwa i Rozwoju Wsi. W ramach projektu zorganizowano 28 warsztat\u00f3w i szkole\u0144 polepszaj\u0105cych kompetencje zakresie oceny formalnej wniosk\u00f3w w ramach Programu Rozwoju Obszar\u00f3w Wiejskich, monitoringu i ewaluacji strategii rozwoju lokalnego kierowanego przez spo\u0142eczno\u015b\u0107.<\/p><\/div><\/div>\t\t\t\t<\/div>\n\t\t\t\t<\/div>\n\t\t\t\t\t<\/div>\n\t\t<\/div>\n\t\t\t\t<div class=\"elementor-column elementor-col-33 elementor-top-column elementor-element elementor-element-94z8gp3\" data-id=\"94z8gp3\" data-element_type=\"column\">\n\t\t\t<div class=\"elementor-widget-wrap elementor-element-populated\">\n\t\t\t\t\t\t<div class=\"elementor-element elementor-element-o8y6vue areas-box elementor-position-top elementor-widget elementor-widget-image-box\" data-id=\"o8y6vue\" data-element_type=\"widget\" data-widget_type=\"image-box.default\">\n\t\t\t\t<div class=\"elementor-widget-container\">\n\t\t\t\t\t<div class=\"elementor-image-box-wrapper\"><figure class=\"elementor-image-box-img\"><a href=\"https:\/\/faow.pl\/?page_id=1283\" tabindex=\"-1\"><img decoding=\"async\" width=\"489\" height=\"326\" src=\"https:\/\/faow.pl\/wp-content\/uploads\/2024\/04\/aka-ani.jpg\" class=\"attachment-full size-full wp-image-1391\" alt=\"\" srcset=\"https:\/\/faow.pl\/wp-content\/uploads\/2024\/04\/aka-ani.jpg 489w, https:\/\/faow.pl\/wp-content\/uploads\/2024\/04\/aka-ani-300x200.jpg 300w\" sizes=\"(max-width: 489px) 100vw, 489px\" \/><\/a><\/figure><div class=\"elementor-image-box-content\"><h2 class=\"elementor-image-box-title\"><a href=\"https:\/\/faow.pl\/?page_id=1283\">   Akademia Umiej\u0119tno\u015bci Animatora LGD<\/a><\/h2><p class=\"elementor-image-box-description\">Celem projektu \u201eAkademia Umiej\u0119tno\u015bci Animatora LGD\u201d by\u0142o dostarczenie wiedzy i rozwini\u0119cie umiej\u0119tno\u015bci przydatnych osobom zaanga\u017cowanym w dzia\u0142alno\u015b\u0107 Lokalnych Grup Dzia\u0142ania (LGD) w zakresie animacji spo\u0142eczno\u015bci lokalnych.<\/p><\/div><\/div>\t\t\t\t<\/div>\n\t\t\t\t<\/div>\n\t\t\t\t<div class=\"elementor-element elementor-element-osow2h8 areas-box elementor-position-top elementor-widget elementor-widget-image-box\" data-id=\"osow2h8\" data-element_type=\"widget\" data-widget_type=\"image-box.default\">\n\t\t\t\t<div class=\"elementor-widget-container\">\n\t\t\t\t\t<div class=\"elementor-image-box-wrapper\"><figure class=\"elementor-image-box-img\"><a href=\"https:\/\/faow.pl\/?p=1392\" tabindex=\"-1\"><img loading=\"lazy\" decoding=\"async\" width=\"1024\" height=\"685\" src=\"https:\/\/faow.pl\/wp-content\/uploads\/2024\/04\/trenerki-1024x685-1.jpg\" class=\"attachment-full size-full wp-image-1398\" alt=\"\" srcset=\"https:\/\/faow.pl\/wp-content\/uploads\/2024\/04\/trenerki-1024x685-1.jpg 1024w, https:\/\/faow.pl\/wp-content\/uploads\/2024\/04\/trenerki-1024x685-1-300x201.jpg 300w, https:\/\/faow.pl\/wp-content\/uploads\/2024\/04\/trenerki-1024x685-1-768x514.jpg 768w\" sizes=\"(max-width: 1024px) 100vw, 1024px\" \/><\/a><\/figure><div class=\"elementor-image-box-content\"><h2 class=\"elementor-image-box-title\"><a href=\"https:\/\/faow.pl\/?p=1392\">Przedsi\u0119biorcze i niezale\u017cne NGO<\/a><\/h2><p class=\"elementor-image-box-description\">Celem projektu by\u0142o wzmocnienie i profesjonalizacja 80-ciu polskich organizacji pozarz\u0105dowych w zakresie prowadzenia odp\u0142atnej i\/lub gospodarczej dzia\u0142alno\u015bci oraz zmiana sposobu ich zarz\u0105dzania.<\/p><\/div><\/div>\t\t\t\t<\/div>\n\t\t\t\t<\/div>\n\t\t\t\t\t<\/div>\n\t\t<\/div>\n\t\t\t\t<div class=\"elementor-column elementor-col-33 elementor-top-column elementor-element elementor-element-phobwjz\" data-id=\"phobwjz\" data-element_type=\"column\">\n\t\t\t<div class=\"elementor-widget-wrap elementor-element-populated\">\n\t\t\t\t\t\t<div class=\"elementor-element elementor-element-clyq47f areas-box elementor-position-top elementor-widget elementor-widget-image-box\" data-id=\"clyq47f\" data-element_type=\"widget\" data-widget_type=\"image-box.default\">\n\t\t\t\t<div class=\"elementor-widget-container\">\n\t\t\t\t\t<div class=\"elementor-image-box-wrapper\"><figure class=\"elementor-image-box-img\"><a href=\"https:\/\/faow.pl\/?p=1302\" tabindex=\"-1\"><img loading=\"lazy\" decoding=\"async\" width=\"300\" height=\"114\" src=\"https:\/\/faow.pl\/wp-content\/uploads\/2024\/04\/logo-FV.jpg\" class=\"attachment-full size-full wp-image-1303\" alt=\"\" \/><\/a><\/figure><div class=\"elementor-image-box-content\"><h2 class=\"elementor-image-box-title\"><a href=\"https:\/\/faow.pl\/?p=1302\"> Fair Village \u2013 Wie\u015b Otwarta<\/a><\/h2><p class=\"elementor-image-box-description\">Celem projektu Fair Village \u2013 Wie\u015b Otwarta by\u0142o upowszechnianie wiedzy na temat wsp\u00f3\u0142zale\u017cno\u015bci pomi\u0119dzy krajami rozwini\u0119tymi a ubo\u017cszymi krajami tzw. \u201eglobalnego po\u0142udnia\u201d oraz wypracowanie skutecznych sposob\u00f3w na anga\u017cowanie \u015brodowisk wiejskich w kwestie wykraczaj\u0105ce daleko poza granice pa\u0144stw, nie m\u00f3wi\u0105c ju\u017c o danej wsi czy o danym regionie. Projekt wdra\u017cany by\u0142 w Austrii, Polsce i na W\u0119grzech. FAOW odpowiada\u0142o za jego realizacj\u0119 na terenie Polski.<\/p><\/div><\/div>\t\t\t\t<\/div>\n\t\t\t\t<\/div>\n\t\t\t\t<div class=\"elementor-element elementor-element-mfva3rv areas-box elementor-position-top elementor-widget elementor-widget-image-box\" data-id=\"mfva3rv\" data-element_type=\"widget\" data-widget_type=\"image-box.default\">\n\t\t\t\t<div class=\"elementor-widget-container\">\n\t\t\t\t\t<div class=\"elementor-image-box-wrapper\"><figure class=\"elementor-image-box-img\"><a href=\"https:\/\/faow.pl\/?p=1419\" tabindex=\"-1\"><img loading=\"lazy\" decoding=\"async\" width=\"365\" height=\"243\" src=\"https:\/\/faow.pl\/wp-content\/uploads\/2024\/04\/op-forum.jpg\" class=\"attachment-full size-full wp-image-1539\" alt=\"\" srcset=\"https:\/\/faow.pl\/wp-content\/uploads\/2024\/04\/op-forum.jpg 365w, https:\/\/faow.pl\/wp-content\/uploads\/2024\/04\/op-forum-300x200.jpg 300w\" sizes=\"(max-width: 365px) 100vw, 365px\" \/><\/a><\/figure><div class=\"elementor-image-box-content\"><h2 class=\"elementor-image-box-title\"><a href=\"https:\/\/faow.pl\/?p=1419\">Forum Lokalnych Grup Dzia\u0142ania<\/a><\/h2><p class=\"elementor-image-box-description\">Forum LGD by\u0142o okazj\u0105 do spotkania, wymiany do\u015bwiadcze\u0144 i podsumowania dokona\u0144 organizacji wdra\u017caj\u0105cych LEADER PROW. Uczestnicy wzi\u0119li udzia\u0142 w panelach dyskusyjnych, wyst\u0105pieniach ekspert\u00f3w i praktyk\u00f3w oraz w warsztatach tematycznych (zobacz program).<\/p><\/div><\/div>\t\t\t\t<\/div>\n\t\t\t\t<\/div>\n\t\t\t\t\t<\/div>\n\t\t<\/div>\n\t\t\t\t\t<\/div>\n\t\t<\/section>\n\t\t\t\t<\/div>\n\t\t","protected":false},"excerpt":{"rendered":"<p>Projekty: Organizacje wiejskie w procesie stanowienia prawa (\u201ePrawo na wsi\u201d)\u200b\u200b Akademia Umiej\u0119tno\u015bci Animatora LGD\u200b Organizacje wiejskie w procesie stanowienia prawa (\u201ePrawo na wsi\u201d) Celem g\u0142\u00f3wnym projektu by\u0142o podniesienie kompetencji eksperckich przedstawicieli organizacji pozarz\u0105dowych ze wsi i ma\u0142ych miast \u2013 tych kompetencji, kt\u00f3re s\u0105 niezb\u0119dnym do udzia\u0142u tych organizacji w procesie stanowienia prawa. Zagadnienie jest wieloaspektowe, [&hellip;]<\/p>\n","protected":false},"author":1,"featured_media":0,"parent":0,"menu_order":0,"comment_status":"closed","ping_status":"closed","template":"","meta":{"om_disable_all_campaigns":false,"_monsterinsights_skip_tracking":false,"_monsterinsights_sitenote_active":false,"_monsterinsights_sitenote_note":"","_monsterinsights_sitenote_category":0,"ocean_post_layout":"full-screen","ocean_both_sidebars_style":"","ocean_both_sidebars_content_width":0,"ocean_both_sidebars_sidebars_width":0,"ocean_sidebar":"0","ocean_second_sidebar":"0","ocean_disable_margins":"enable","ocean_add_body_class":"","ocean_shortcode_before_top_bar":"","ocean_shortcode_after_top_bar":"","ocean_shortcode_before_header":"","ocean_shortcode_after_header":"","ocean_has_shortcode":"","ocean_shortcode_after_title":"","ocean_shortcode_before_footer_widgets":"","ocean_shortcode_after_footer_widgets":"","ocean_shortcode_before_footer_bottom":"","ocean_shortcode_after_footer_bottom":"","ocean_display_top_bar":"default","ocean_display_header":"default","ocean_header_style":"","ocean_center_header_left_menu":"0","ocean_custom_header_template":"0","ocean_custom_logo":0,"ocean_custom_retina_logo":0,"ocean_custom_logo_max_width":0,"ocean_custom_logo_tablet_max_width":0,"ocean_custom_logo_mobile_max_width":0,"ocean_custom_logo_max_height":0,"ocean_custom_logo_tablet_max_height":0,"ocean_custom_logo_mobile_max_height":0,"ocean_header_custom_menu":"0","ocean_menu_typo_font_family":"0","ocean_menu_typo_font_subset":"","ocean_menu_typo_font_size":0,"ocean_menu_typo_font_size_tablet":0,"ocean_menu_typo_font_size_mobile":0,"ocean_menu_typo_font_size_unit":"px","ocean_menu_typo_font_weight":"","ocean_menu_typo_font_weight_tablet":"","ocean_menu_typo_font_weight_mobile":"","ocean_menu_typo_transform":"","ocean_menu_typo_transform_tablet":"","ocean_menu_typo_transform_mobile":"","ocean_menu_typo_line_height":0,"ocean_menu_typo_line_height_tablet":0,"ocean_menu_typo_line_height_mobile":0,"ocean_menu_typo_line_height_unit":"","ocean_menu_typo_spacing":0,"ocean_menu_typo_spacing_tablet":0,"ocean_menu_typo_spacing_mobile":0,"ocean_menu_typo_spacing_unit":"","ocean_menu_link_color":"","ocean_menu_link_color_hover":"","ocean_menu_link_color_active":"","ocean_menu_link_background":"","ocean_menu_link_hover_background":"","ocean_menu_link_active_background":"","ocean_menu_social_links_bg":"","ocean_menu_social_hover_links_bg":"","ocean_menu_social_links_color":"","ocean_menu_social_hover_links_color":"","ocean_disable_title":"default","ocean_disable_heading":"default","ocean_post_title":"","ocean_post_subheading":"","ocean_post_title_style":"","ocean_post_title_background_color":"","ocean_post_title_background":0,"ocean_post_title_bg_image_position":"","ocean_post_title_bg_image_attachment":"","ocean_post_title_bg_image_repeat":"","ocean_post_title_bg_image_size":"","ocean_post_title_height":0,"ocean_post_title_bg_overlay":0.5,"ocean_post_title_bg_overlay_color":"","ocean_disable_breadcrumbs":"default","ocean_breadcrumbs_color":"","ocean_breadcrumbs_separator_color":"","ocean_breadcrumbs_links_color":"","ocean_breadcrumbs_links_hover_color":"","ocean_display_footer_widgets":"default","ocean_display_footer_bottom":"default","ocean_custom_footer_template":"0","footnotes":""},"class_list":["post-294","page","type-page","status-publish","hentry","entry"],"aioseo_notices":[],"_links":{"self":[{"href":"https:\/\/faow.pl\/index.php?rest_route=\/wp\/v2\/pages\/294","targetHints":{"allow":["GET"]}}],"collection":[{"href":"https:\/\/faow.pl\/index.php?rest_route=\/wp\/v2\/pages"}],"about":[{"href":"https:\/\/faow.pl\/index.php?rest_route=\/wp\/v2\/types\/page"}],"author":[{"embeddable":true,"href":"https:\/\/faow.pl\/index.php?rest_route=\/wp\/v2\/users\/1"}],"replies":[{"embeddable":true,"href":"https:\/\/faow.pl\/index.php?rest_route=%2Fwp%2Fv2%2Fcomments&post=294"}],"version-history":[{"count":43,"href":"https:\/\/faow.pl\/index.php?rest_route=\/wp\/v2\/pages\/294\/revisions"}],"predecessor-version":[{"id":1840,"href":"https:\/\/faow.pl\/index.php?rest_route=\/wp\/v2\/pages\/294\/revisions\/1840"}],"wp:attachment":[{"href":"https:\/\/faow.pl\/index.php?rest_route=%2Fwp%2Fv2%2Fmedia&parent=294"}],"curies":[{"name":"wp","href":"https:\/\/api.w.org\/{rel}","templated":true}]}}