{"id":1618,"date":"2024-04-25T13:28:00","date_gmt":"2024-04-25T11:28:00","guid":{"rendered":"https:\/\/faow.pl\/?page_id=1618"},"modified":"2024-04-25T13:28:00","modified_gmt":"2024-04-25T11:28:00","slug":"statut-faow","status":"publish","type":"page","link":"https:\/\/faow.pl\/?page_id=1618","title":{"rendered":"Statut FAOW"},"content":{"rendered":"<p><strong><center>Rozdzia\u0142 I<\/p>\n<p>Postanowienia og\u00f3lne<\/p>\n<p>\u00a71<\/center><\/strong><\/p>\n<p>    Zwi\u0105zek stowarzysze\u0144 o nazwie \u201eForum Aktywizacji Obszar\u00f3w Wiejskich\u201d, zwany<br \/>\n    w dalszej cz\u0119\u015bci statutu \u201eZwi\u0105zkiem\u201d, jest dobrowolnym, trwa\u0142ym zrzeszeniem stowarzysze\u0144 oraz innych os\u00f3b prawnych. Zwi\u0105zek mo\u017ce pos\u0142ugiwa\u0107 si\u0119 r\u00f3wnie\u017c nazw\u0105 w j\u0119zyku angielskim \u201ePolish Rural Forum\u201d oraz skr\u00f3tem \u201eFAOW\u201d.<br \/>\n    Zwi\u0105zek jest organizacj\u0105 pozarz\u0105dow\u0105 nie dzia\u0142aj\u0105c\u0105 w celu osi\u0105gni\u0119cia zysku, realizuj\u0105c\u0105 swoje cele w granicach prawa.<br \/>\n    Nazwa, symbol i skr\u00f3t nazwy Zwi\u0105zku korzystaj\u0105 z ochrony prawnej.<br \/>\n    Czas trwania Zwi\u0105zku jest nieograniczony.<br \/>\n    Zwi\u0105zek dzia\u0142a na podstawie przepis\u00f3w ustawy z dnia 7 kwietnia 1989 r. \u2013 Prawo o stowarzyszeniach (Dz.U. z 2001 r. Nr 79, poz.855, z p\u00f3\u017an. zm.) oraz niniejszego statutu.<br \/>\n    Zwi\u0105zek posiada osobowo\u015b\u0107 prawn\u0105.<br \/>\n<strong><center>\u00a72<\/center><\/strong><\/p>\n<p>    Terenem dzia\u0142ania Zwi\u0105zku jest obszar Rzeczypospolitej Polskiej. Dla w\u0142a\u015bciwej realizacji swoich cel\u00f3w Zwi\u0105zek mo\u017ce prowadzi\u0107 dzia\u0142alno\u015b\u0107 poza granicami Rzeczypospolitej Polskiej.<br \/>\n     Siedzib\u0105 Zwi\u0105zku jest miasto sto\u0142eczne Warszawa.<br \/>\n    Zwi\u0105zek mo\u017ce by\u0107 cz\u0142onkiem krajowych i mi\u0119dzynarodowych organizacji i instytucji zrzeszaj\u0105cych stowarzyszenia o podobnych celach i za\u0142o\u017ceniach.<\/p>\n<p><strong><center>\u00a73<\/center><\/strong><\/p>\n<p>    Celem Zwi\u0105zku jest dzia\u0142alno\u015b\u0107 na rzecz rozwoju obszar\u00f3w wiejskich i ich mieszka\u0144c\u00f3w, wspieranie i upowszechnianie zr\u00f3wnowa\u017conego rozwoju obszar\u00f3w wiejskich, rozwoju spo\u0142ecze\u0144stwa obywatelskiego, rozwoju gospodarki opartej na wiedzy, budowanie partnerstwa i dialogu na rzecz zr\u00f3wnowa\u017conego rozwoju wsi oraz aktywizowanie spo\u0142eczno\u015bci lokalnych na obszarach wiejskich.<br \/>\nCele, o kt\u00f3rych mowa w ust.1, obejmuj\u0105 wykonywanie zada\u0144 w zakresie:<br \/>\n    &#8211; dzia\u0142alno\u015bci wspomagaj\u0105cej rozw\u00f3j wsp\u00f3lnot i spo\u0142eczno\u015bci lokalnych,<br \/>\n    &#8211; dzia\u0142alno\u015bci wspomagaj\u0105cej rozw\u00f3j gospodarczy, w tym rozw\u00f3j przedsi\u0119biorczo\u015bci,<br \/>\n    &#8211; promocji zatrudnienia i aktywizacji zawodowej os\u00f3b pozostaj\u0105cych bez pracy lub zagro\u017conych zwolnieniem z pracy,<br \/>\n    &#8211; nauki, edukacji, o\u015bwiaty i wychowania,<br \/>\n    &#8211; ochrony \u015brodowiska, ekologii i ochrony przyrody oraz ochrony dziedzictwa przyrodniczego,<br \/>\n    &#8211; kultury, sztuki, ochrony d\u00f3br kultury i tradycji,<br \/>\n    &#8211; inicjatyw s\u0142u\u017c\u0105cych poszerzaniu p\u0142aszczyzn dialogu spo\u0142ecznego i komunikowania si\u0119 spo\u0142eczno\u015bci lokalnej z innymi podmiotami w kraju i za granic\u0105<br \/>\n    &#8211; krajoznawstwa oraz wypoczynku dzieci i m\u0142odzie\u017cy,<br \/>\n    &#8211; rozwoju \u015bwiadomo\u015bci obywatelskiej i kulturowej,<br \/>\n    &#8211; pomocy spo\u0142ecznej, w tym pomocy rodzinom i osobom zamieszka\u0142ym na obszarach wiejskich,<br \/>\n      b\u0119d\u0105cym w trudnej sytuacji \u017cyciowej, oraz wyr\u00f3wnywania szans tych rodzin i os\u00f3b,<br \/>\n    &#8211; dzia\u0142alno\u015bci charytatywnej,<br \/>\n    &#8211; ochrony i promocji zdrowia,<br \/>\n    &#8211; dzia\u0142ania na rzecz os\u00f3b niepe\u0142nosprawnych,<br \/>\n    &#8211; upowszechniania kultury fizycznej i sportu,<br \/>\n    &#8211; pomocy ofiarom katastrof i kl\u0119sk \u017cywio\u0142owych,<br \/>\n    &#8211; upowszechniania i ochrony praw konsument\u00f3w,<br \/>\n    &#8211; dzia\u0142a\u0144 na rzecz integracji europejskiej oraz rozwijania kontakt\u00f3w i wsp\u00f3\u0142pracy mi\u0119dzy spo\u0142ecze\u0144stwami,<br \/>\n    &#8211; promocji i organizacji wolontariatu,<br \/>\n    &#8211; rozwoju turystyki wiejskiej i agroturystyki,<br \/>\n    &#8211; opiniowanie akt\u00f3w prawnych dotycz\u0105cych realizacji cel\u00f3w statutowych,<br \/>\n    &#8211; prowadzenia i zlecania bada\u0144 i analiz dotycz\u0105cych cel\u00f3w statutowych.<\/p>\n<p><strong><center>\u00a74<\/center><\/strong><\/p>\n<p>Zwi\u0105zek realizuje swoje cele przez:<\/p>\n<p>1) utworzenie trwa\u0142ej, og\u00f3lnopolskiej platformy organizacji dzia\u0142aj\u0105cych na rzecz zr\u00f3wnowa\u017conego rozwoju obszar\u00f3w wiejskich, w\u0142\u0105czonej w sie\u0107 kontakt\u00f3w na poziomie europejskim;<\/p>\n<p>2) budowanie partnerstwa pomi\u0119dzy cz\u0142onkami Zwi\u0105zku, w celu wsp\u00f3lnego, aktywnego uczestniczenia w kreowaniu polityki pa\u0144stwa oraz Unii Europejskiej wobec wsi i teren\u00f3w wiejskich;<\/p>\n<p>3) wsp\u00f3\u0142dzia\u0142anie na rzecz przygotowania polskiej wsi i jej mieszka\u0144c\u00f3w do jak najskuteczniejszego funkcjonowania w ramach Unii Europejskiej;<\/p>\n<p>4) propagowanie zr\u00f3wnowa\u017conego rozwoju obszar\u00f3w wiejskich, z uwzgl\u0119dnieniem zar\u00f3wno interes\u00f3w  gospodarczych mieszka\u0144c\u00f3w, jak i wymog\u00f3w ochrony dziedzictwa oraz krajobrazu kulturowego<br \/>\ni przyrodniczego wsi;<\/p>\n<p>5) propagowanie podej\u015bcia do rozwoju obszar\u00f3w wiejskich opartego na zasadach stosowanych w programach wsparcia strukturalnego Unii Europejskiej typu \u201eLEADER\u201d;<\/p>\n<p>6) opracowanie zasad wsp\u00f3\u0142dzia\u0142ania i form integracji \u015brodowisk wiejskich;<\/p>\n<p>7) inicjowanie wsp\u00f3\u0142dzia\u0142ania na rzecz rozwoju cywilizacyjnego, spo\u0142ecznego i ekonomicznego obszar\u00f3w wiejskich;<\/p>\n<p>8) podejmowanie inicjatyw legislacyjnych zmierzaj\u0105cych do stanowienia prawa sprzyjaj\u0105cego zr\u00f3wnowa\u017conemu rozwojowi obszar\u00f3w wiejskich;<\/p>\n<p>9) organizowanie dzia\u0142a\u0144 dotycz\u0105cych wspierania inicjatyw podejmowanych przez \u015brodowiska wiejskie na rzecz rozwoju obszar\u00f3w wiejskich;<\/p>\n<p>10) organizowanie dzia\u0142a\u0144 o zasi\u0119gu krajowym i mi\u0119dzynarodowym, w tym konferencji, zjazd\u00f3w, seminari\u00f3w i konkurs\u00f3w;<\/p>\n<p>11) reprezentowanie cz\u0142onk\u00f3w wobec organ\u00f3w i instytucji centralnych i na forum mi\u0119dzynarodowym;<\/p>\n<p>12) wsp\u00f3\u0142dzia\u0142anie z organami samorz\u0105dowymi oraz pa\u0144stwowymi i innymi organizacjami, stowarzyszeniami i instytucjami, w tym jednostkami zaplecza naukowo-badawczego i dydaktycznego;<\/p>\n<p>13) prowadzenie dzia\u0142alno\u015bci wydawniczej i kolporta\u017cowej w zakresie publikacji specjalistycznych, propagowania do\u015bwiadcze\u0144 i opinii stowarzyszonych organizacji, opracowa\u0144 w\u0142asnych i innych;<\/p>\n<p>14) propagowanie, wspomaganie i prowadzenie dzia\u0142alno\u015bci szkoleniowej<br \/>\ni edukacyjnej w zakresie wiedzy samorz\u0105dowej i obywatelskiej \u015brodowisk wiejskich, w szczeg\u00f3lno\u015bci w kontek\u015bcie procesu integracji europejskiej;<\/p>\n<p>15) prezentowanie wobec spo\u0142ecze\u0144stwa, w\u0142adz i organ\u00f3w samorz\u0105dowych oraz pa\u0144stwowych, a tak\u017ce innych organizacji i instytucji wsp\u00f3lnych pogl\u0105d\u00f3w<br \/>\ni opinii dotycz\u0105cych spo\u0142eczno \u2013 gospodarczych warunk\u00f3w \u017cycia na wsi;<\/p>\n<p>16) formu\u0142owanie zalece\u0144 wobec cz\u0142onk\u00f3w Zwi\u0105zku, istotnych z punktu widzenia realizacji cel\u00f3w statutowych;<\/p>\n<p>17) inicjowanie i podejmowanie czynno\u015bci zapewniaj\u0105cych sta\u0142e doskonalenie stowarzyszonych organizacji;<\/p>\n<p>18) wyst\u0119powanie do organ\u00f3w administracji publicznej oraz innych organizacji<br \/>\ni instytucji z wnioskami dotycz\u0105cymi potrzeb mieszka\u0144c\u00f3w wsi;<\/p>\n<p>19) udzielanie wyr\u00f3\u017cnie\u0144 za zas\u0142ugi dla rozwoju obszar\u00f3w wiejskich, wnioskowanie o nadanie wyr\u00f3\u017cnie\u0144 przez uprawnione organy.<\/p>\n<p><strong><center>\u00a75<\/center><\/strong><\/p>\n<p>    Zwi\u0105zek mo\u017ce prowadzi\u0107 dzia\u0142alno\u015b\u0107 gospodarcz\u0105 wed\u0142ug zasad okre\u015blonych<br \/>\n    w odr\u0119bnych przepisach, w zakresie produkcji, handlu, us\u0142ug, po\u015brednictwa, wydawnictw, reklamy, poligrafii i kolporta\u017cu, w rozmiarach s\u0142u\u017c\u0105cych realizacji cel\u00f3w statutowych.<br \/>\n    Dochody Zwi\u0105zku pochodz\u0105ce z dzia\u0142alno\u015bci gospodarczej s\u0142u\u017c\u0105 realizacji jego cel\u00f3w statutowych i nie mog\u0105 by\u0107 przeznaczone do podzia\u0142u mi\u0119dzy jego cz\u0142onk\u00f3w.<br \/>\n    Przy realizacji cel\u00f3w Zwi\u0105zek opiera si\u0119 na pracy spo\u0142ecznej cz\u0142onk\u00f3w oraz mo\u017ce zatrudnia\u0107 pracownik\u00f3w do prowadzenia swych spraw.<\/p>\n<p><strong><center>Rozdzia\u0142 II<\/p>\n<p>Cz\u0142onkowie, ich prawa i obowi\u0105zki<\/p>\n<p>\u00a76<\/center><\/strong><\/p>\n<p>Cz\u0142onkowie Forum dziel\u0105 si\u0119 na:<\/p>\n<p>    cz\u0142onk\u00f3w zwyczajnych;<br \/>\n    cz\u0142onk\u00f3w wspieraj\u0105cych;<br \/>\n    cz\u0142onk\u00f3w honorowych.<\/p>\n<p><strong><center>\u00a77<\/center><\/strong><\/p>\n<p>Cz\u0142onkiem zwyczajnym mo\u017ce zosta\u0107 stowarzyszenie oraz inna osoba prawna nie maj\u0105ca cel\u00f3w zarobkowych, kt\u00f3ra z\u0142o\u017cy\u0142a pisemn\u0105 deklaracj\u0119 przyst\u0105pienia do Zwi\u0105zku, podpisan\u0105 przez cz\u0142onk\u00f3w organu uprawnionego do jej reprezentowania, oraz do\u0142\u0105czy\u0142a do deklaracji sw\u00f3j statut.<\/p>\n<p><strong><center>\u00a78<\/center><\/strong><\/p>\n<p>Cz\u0142onkiem wspieraj\u0105cym mo\u017ce by\u0107 osoba fizyczna oraz osoba prawna, w tym osoba prawna maj\u0105ca cele zarobkowe, kt\u00f3ra akceptuje statut Zwi\u0105zku i jego zasady programowe, oraz kt\u00f3ra z\u0142o\u017cy\u0142a pisemn\u0105 deklaracj\u0119 o udzielaniu Zwi\u0105zkowi pomocy merytorycznej, rzeczowej lub finansowej, podpisan\u0105 przez cz\u0142onk\u00f3w organu uprawnionego do jej reprezentowania.<\/p>\n<p><strong><center>\u00a79<\/center><\/strong><\/p>\n<p>    Cz\u0142onkiem honorowym mo\u017ce zosta\u0107 osoba fizyczna oraz osoba prawna, kt\u00f3ra w spos\u00f3b szczeg\u00f3lny zas\u0142u\u017cy\u0142a si\u0119 dla Zwi\u0105zku lub realizowanych przez niego cel\u00f3w.<br \/>\n    Nadanie cz\u0142onkostwa honorowego nast\u0119puje w drodze uchwa\u0142y Walnego Zebrania za zgod\u0105 osoby, kt\u00f3rej cz\u0142onkostwo honorowe ma by\u0107 nadane.<\/p>\n<p><strong><center>\u00a710<\/center><\/strong><\/p>\n<p>Cz\u0142onkostwo Zwi\u0105zku uzyskuje si\u0119 przez przyj\u0119cie kandydatury w drodze uchwa\u0142y podj\u0119tej wi\u0119kszo\u015bci\u0105 kwalifikowan\u0105 g\u0142os\u00f3w przez Zarz\u0105d. Zapis ten dotyczy zar\u00f3wno cz\u0142onk\u00f3w zwyczajnych jak i wspieraj\u0105cych.<\/p>\n<p><strong><center>\u00a711<\/center><\/strong><\/p>\n<p>    Cz\u0142onek zwyczajny ma obowi\u0105zek:<\/p>\n<p>a)  wnoszenia inicjatywy i czynnego udzia\u0142u w realizacji cel\u00f3w Zwi\u0105zku;<\/p>\n<p>b)  przestrzegania postanowie\u0144 statutu Zwi\u0105zku oraz realizacji jego cel\u00f3w, uchwa\u0142 i decyzji w\u0142adz Zwi\u0105zku;<\/p>\n<p>c)  uczestniczenia w mi\u0119dzy stowarzyszeniowych formach wsp\u00f3\u0142pracy w ramach Zwi\u0105zku;<\/p>\n<p>d) regularnego op\u0142acania sk\u0142adek cz\u0142onkowskich;<\/p>\n<p>e) dbania o dobre imi\u0119 Zwi\u0105zku oraz wzrost jego roli i znaczenia.<\/p>\n<p>2. Cz\u0142onek zwyczajny ma prawo do:<\/p>\n<p>a)  udzia\u0142u, poprzez swoich przedstawicieli, we w\u0142adzach Zwi\u0105zku oraz w organach kolegialnych powo\u0142ywanych przez te w\u0142adze;<\/p>\n<p>b) inspirowania dzia\u0142a\u0144 Zwi\u0105zku i korzystania z do\u015bwiadcze\u0144 organizacji w nim zrzeszonych;<\/p>\n<p>c)  korzystania z pomocy Zwi\u0105zku w zakresie realizacji w\u0142asnych cel\u00f3w statutowych;<\/p>\n<p>d) wnioskowania we wszystkich sprawach dotycz\u0105cych cel\u00f3w i form dzia\u0142ania Zwi\u0105zku;<\/p>\n<p>e)  zg\u0142aszania inicjatyw uchwa\u0142odawczych do w\u0142adz Zwi\u0105zku;<\/p>\n<p>f) korzystania z poradnictwa prawnego prowadzonego przez agendy Zwi\u0105zku;<\/p>\n<p>g) przedstawiania swych opinii i wniosk\u00f3w w\u0142adzom Zwi\u0105zku w okresie mi\u0119dzy ich posiedzeniami oraz otrzymywania stosownych odpowiedzi.<\/p>\n<p><strong><center>\u00a712<\/center><\/strong><\/p>\n<p>    Cz\u0142onek wspieraj\u0105cy ma obowi\u0105zek:<\/p>\n<p>a) brania czynnego udzia\u0142u w realizacji cel\u00f3w statutowych Zwi\u0105zku;<\/p>\n<p>b) przestrzegania statutu Zwi\u0105zku oraz uchwa\u0142 jego w\u0142adz;<\/p>\n<p>c) wywi\u0105zywania si\u0119 z zadeklarowanej pomocy merytorycznej, rzeczowej lub finansowej dla Zwi\u0105zku;<\/p>\n<p>d) dbania o dobre imi\u0119 Zwi\u0105zku oraz wzrost jego roli i znaczenia.<\/p>\n<p>2. Cz\u0142onek wspieraj\u0105cy ma prawo:<\/p>\n<p>a) uczestniczenia w zebraniach oraz innych imprezach i dzia\u0142aniach wynikaj\u0105cych z realizacji cel\u00f3w Zwi\u0105zku;<\/p>\n<p>b) korzystania z pomocy Zwi\u0105zku wed\u0142ug zasad okre\u015blonych ka\u017cdorazowo w uchwale o przyj\u0119ciu cz\u0142onka;<\/p>\n<p>c) zg\u0142aszania opinii, wniosk\u00f3w i postulat\u00f3w do w\u0142adz Zwi\u0105zku;<\/p>\n<p>d)  udzia\u0142u w Walnym Zebraniu z g\u0142osem doradczym;<\/p>\n<p>e)  inspirowania dzia\u0142a\u0144 Zwi\u0105zku i korzystania z do\u015bwiadcze\u0144 zrzeszonych w nim organizacji.<\/p>\n<p><strong><center>\u00a713<\/center><\/strong><\/p>\n<p>1. Cz\u0142onek honorowy Zwi\u0105zku ma prawo:<\/p>\n<p>a)  uczestniczenia w zebraniach oraz innych imprezach i dzia\u0142aniach wynikaj\u0105cych z realizacji cel\u00f3w Zwi\u0105zku;<\/p>\n<p>b)  zg\u0142aszania opinii, wniosk\u00f3w i postulat\u00f3w do w\u0142adz Zwi\u0105zku;<\/p>\n<p>c) udzia\u0142u z g\u0142osem doradczym w Walnym Zebraniu.<\/p>\n<p>Cz\u0142onkowie honorowi s\u0105 zwolnieni z obowi\u0105zku p\u0142acenia sk\u0142adek.<\/p>\n<p><strong><center>\u00a714<\/center><\/strong><\/p>\n<p>1. Utrata cz\u0142onkostwa nast\u0119puje w przypadku:<\/p>\n<p>a) wyst\u0105pienia cz\u0142onka ze Zwi\u0105zku, w drodze pisemnego o\u015bwiadczenia z\u0142o\u017conego Zarz\u0105dowi;<\/p>\n<p>b) wykluczenia przez Walne Zebranie za:<\/p>\n<p>\u2013  dzia\u0142alno\u015b\u0107 sprzeczn\u0105 ze statutem oraz uchwa\u0142ami w\u0142adz Zwi\u0105zku,<\/p>\n<p>\u2013  niewywi\u0105zywanie si\u0119 przez cz\u0142onka z jego obowi\u0105zk\u00f3w okre\u015blonych w  niniejszym statucie,<\/p>\n<p>\u2013  zaleganie z zap\u0142at\u0105 sk\u0142adki cz\u0142onkowskiej przez trzy okresy, kt\u00f3rych d\u0142ugo\u015b\u0107 okre\u015bla Walne Zgromadzenie;<\/p>\n<p>2. skre\u015blenia cz\u0142onka przez Zarz\u0105d wskutek likwidacji lub upad\u0142o\u015bci cz\u0142onka.<\/p>\n<p>3. Od uchwa\u0142 w przedmiocie wykluczenia i skre\u015blenia cz\u0142onka przys\u0142uguje odwo\u0142anie do Walnego Zebrania Cz\u0142onk\u00f3w (Delegat\u00f3w).<\/p>\n<p><strong><center>Rozdzia\u0142 III<\/p>\n<p>Organizacja i w\u0142adze Zwi\u0105zku<\/p>\n<p>\u00a715<\/center><\/strong><\/p>\n<p>    W\u0142adzami Zwi\u0105zku s\u0105:<\/p>\n<p>1) Walne Zebranie;<\/p>\n<p>2) Zarz\u0105d;<\/p>\n<p>3) Komisja Rewizyjna.<\/p>\n<p>    Kadencja w\u0142adz Zwi\u0105zku trwa cztery lata.<\/p>\n<p><strong><center>\u00a716<\/center><\/strong><\/p>\n<p>Walne Zebranie jest najwy\u017csz\u0105 w\u0142adz\u0105 Zwi\u0105zku.<\/p>\n<p>W Walnym Zebraniu uczestnicz\u0105 z g\u0142osem stanowi\u0105cym przedstawiciele cz\u0142onk\u00f3w zwyczajnych, upowa\u017cnieni przez ich odpowiednie organy.<\/p>\n<p>W Walnym Zebraniu ka\u017cdy cz\u0142onek zwyczajny jest reprezentowany przez jedn\u0105 osob\u0119.<\/p>\n<p>Walne Zebranie mo\u017ce by\u0107:<\/p>\n<p>\u2013 zwyczajne;<\/p>\n<p>\u2013 nadzwyczajne.<\/p>\n<p>Zwyczajne Walne Zebrania odbywaj\u0105 si\u0119 nie rzadziej ni\u017c raz w roku i s\u0105 zwo\u0142ywane przez Zarz\u0105d, kt\u00f3ry zawiadamia na pi\u015bmie ka\u017cdego cz\u0142onka Zwi\u0105zku o terminie i porz\u0105dku obrad Walnego Zebrania co najmniej na 30 dni przed jego terminem.<\/p>\n<p>Nadzwyczajne Walne Zebranie obowi\u0105zany jest zwo\u0142a\u0107 Zarz\u0105d, na pisemny wniosek co najmniej \u00bc cz\u0142onk\u00f3w Zwi\u0105zku lub na wniosek Komisji Rewizyjnej, w terminie nie d\u0142u\u017cszym ni\u017c miesi\u0105c od z\u0142o\u017cenia wniosku i powiadomi\u0107 o nim cz\u0142onk\u00f3w Zwi\u0105zku co najmniej na 14 dni przed jego terminem<\/p>\n<p>Na pocz\u0105tku Walnego Zebrania wybierany jest Przewodnicz\u0105cy, kt\u00f3ry kieruje obradami Walnego Zebrania.<\/p>\n<p><strong><center>\u00a717<\/center><\/strong><\/p>\n<p>Do kompetencji Walnego Zebrania nale\u017cy:<\/p>\n<p>    &#8211; uchwalanie statutu Zwi\u0105zku oraz jego zmian;<br \/>\n    &#8211; wyb\u00f3r Zarz\u0105du i Komisji Rewizyjnej;<br \/>\n    &#8211; rozpatrywanie odwo\u0142a\u0144 dotycz\u0105cych spraw cz\u0142onkostwa;<br \/>\n    &#8211; ustalanie kierunk\u00f3w i program\u00f3w dzia\u0142ania Zwi\u0105zku;<br \/>\n    &#8211; okre\u015blanie stanowiska i publikowanie opinii lub uchwa\u0142 w sprawach istotnych dla \u015brodowisk wiejskich o zasi\u0119gu i tematyce og\u00f3lnokrajowej lub regionalnej;<br \/>\n    &#8211; podejmowanie uchwa\u0142 w sprawie organizowania dzia\u0142a\u0144 mi\u0119dzy stowarzyszeniowych, w tym dotycz\u0105cych zwo\u0142ywania krajowych konferencji \u015brodowisk wiejskich;<br \/>\n    &#8211; uchwalanie wysoko\u015bci sk\u0142adek cz\u0142onk\u00f3w Zwi\u0105zku; Walne Zgromadzenie mo\u017ce zdecydowa\u0107 o r\u00f3\u017cnej wysoko\u015bci sk\u0142adek dla r\u00f3\u017cnego typu organizacji cz\u0142onkowskich;<br \/>\n    &#8211; uchwalanie regulamin\u00f3w Walnego Zebrania, Zarz\u0105du, Komisji Rewizyjnej i innych regulamin\u00f3w zwi\u0105zanych z dzia\u0142alno\u015bci\u0105 statutow\u0105;<br \/>\n    &#8211; rozpatrywanie i zatwierdzanie rocznych sprawozda\u0144 z dzia\u0142alno\u015bci Zwi\u0105zku, przedstawionych przez Zarz\u0105d, oraz sprawozda\u0144 Komisji Rewizyjnej, jak r\u00f3wnie\u017c udzielanie absolutorium Zarz\u0105dowi;<br \/>\n    &#8211; nadawanie honorowego cz\u0142onkostwa Zwi\u0105zku;<br \/>\n    &#8211; Nadawanie honorowego cz\u0142onkostwa FAOW<\/p>\n<p><strong><center>\u00a718<\/center><\/strong><\/p>\n<p>    Uchwa\u0142y Walnego Zebrania zapadaj\u0105 zwyk\u0142\u0105 wi\u0119kszo\u015bci\u0105 g\u0142os\u00f3w przy obecno\u015bci:<br \/>\n    w pierwszym terminie \u2013 co najmniej \u00bd og\u00f3lnej liczby uczestnik\u00f3w cz\u0142onk\u00f3w Walnego Zebrania uprawnionych do g\u0142osowania;<br \/>\n    w drugim terminie wyznaczonym w tym samym dniu  po 30 minutach po   pierwszym terminie \u2013 zwyk\u0142\u0105 wi\u0119kszo\u015bci\u0105 g\u0142os\u00f3w bez wzgl\u0119du na liczb\u0119 uprawnionych do g\u0142osowania.<br \/>\n    Uchwa\u0142y dotycz\u0105ce zmiany statutu lub rozwi\u0105zania Zwi\u0105zku zapadaj\u0105 wi\u0119kszo\u015bci\u0105 2\/3 g\u0142os\u00f3w, przy obecno\u015bci co najmniej \u00bd og\u00f3lnej liczby uczestnik\u00f3w Walnego Zebrania.<br \/>\n    Ka\u017cdy uczestnik Walnego Zebrania ma jeden g\u0142os.<\/p>\n<p><strong><center>\u00a719<\/center><\/strong><\/p>\n<p>    Zarz\u0105d sk\u0142ada si\u0119 z 5 do 11 os\u00f3b reprezentuj\u0105cych organizacje cz\u0142onkowskie FAOW \u2013  wybranych przez Walne Zebranie spo\u015br\u00f3d przedstawicieli cz\u0142onk\u00f3w zwyczajnych. Przynajmniej 30% cz\u0142onk\u00f3w Zarz\u0105du stanowi\u0105 przedstawiciele stowarzysze\u0144 lokalnych z siedzib\u0105 w gminach wiejskich lub miejsko-wiejskich.<br \/>\nW sk\u0142ad Zarz\u0105du wchodz\u0105: Prezes, 2 Wiceprezes\u00f3w, Sekretarz, Skarbnik i do 6 cz\u0142onk\u00f3w.<br \/>\nZarz\u0105d konstytuuje si\u0119 oraz wybiera Prezesa, wiceprezes\u00f3w, Sekretarza i Skarbnika spo\u015br\u00f3d swoich cz\u0142onk\u00f3w na pierwszym po wyborach zebraniu.<br \/>\nZarz\u0105d jest organem wykonawczym Zwi\u0105zku. Posiedzenia Zarz\u0105du zwo\u0142uje Prezes z w\u0142asnej inicjatywy lub na wniosek co najmniej 1\/3 cz\u0142onk\u00f3w Zarz\u0105du.<br \/>\nDo kompetencji Zarz\u0105du nale\u017cy:<br \/>\n    &#8211; kierowanie ca\u0142okszta\u0142tem bie\u017c\u0105cej dzia\u0142alno\u015bci Zwi\u0105zku, w tym jego dzia\u0142alno\u015bci\u0105 organizacyjn\u0105, gospodarcz\u0105 i finansow\u0105;<br \/>\n    &#8211; przyjmowanie i wykluczanie cz\u0142onk\u00f3w zwyczajnych i wspieraj\u0105cych;<br \/>\n    &#8211; zwo\u0142ywanie Walnych Zgromadze\u0144;<br \/>\n    &#8211; reprezentowanie Zwi\u0105zku na zewn\u0105trz i dzia\u0142anie w jego imieniu;<br \/>\n    &#8211; realizowanie uchwa\u0142 Walnego Zebrania;<br \/>\n    &#8211; powo\u0142ywanie zespo\u0142\u00f3w do opracowania analiz i ekspertyz lub innych zada\u0144;<br \/>\n    &#8211; przygotowywanie i przedstawianie Walnemu Zebraniu oraz podawanie do publicznej wiadomo\u015bci sprawozda\u0144 merytorycznych i finansowych z dzia\u0142alno\u015bci Zwi\u0105zku;<br \/>\n    &#8211; powo\u0142ywanie zespo\u0142\u00f3w specjalistycznych do wykonywania okre\u015blonych<br \/>\n    &#8211; zada\u0144 i koordynowanie ich prac.<br \/>\nZarz\u0105d wsp\u00f3\u0142dzia\u0142a z organami cz\u0142onk\u00f3w Zwi\u0105zku w celu pe\u0142nej realizacji cel\u00f3w i zada\u0144 Zwi\u0105zku.<br \/>\nZarz\u0105d mo\u017ce odbywa\u0107 wyjazdowe posiedzenia, w szczeg\u00f3lno\u015bci w siedzibach cz\u0142onk\u00f3w Zwi\u0105zku. Posiedzenia takie odbywaj\u0105 si\u0119 we wsp\u00f3\u0142dzia\u0142aniu z zarz\u0105dami cz\u0142onk\u00f3w.<br \/>\nNa wyjazdowych posiedzeniach Zarz\u0105du obradom przewodnicz\u0105 wsp\u00f3lnie Prezes Zarz\u0105du Zwi\u0105zku oraz osoba kieruj\u0105ca odpowiedni\u0105 organizacj\u0105 cz\u0142onkowsk\u0105.<br \/>\nZarz\u0105d powo\u0142uje Biuro Zwi\u0105zku i nadzoruje jego dzia\u0142alno\u015b\u0107.<br \/>\nZarz\u0105d poprzedniej kadencji dzia\u0142a do chwili ukonstytuowania si\u0119 nowego Zarz\u0105du.<br \/>\nUchwa\u0142y Zarz\u0105du zapadaj\u0105 zwyk\u0142\u0105 wi\u0119kszo\u015bci\u0105 g\u0142os\u00f3w, w obecno\u015bci co najmniej po\u0142owy sk\u0142adu Zarz\u0105du, przy czym ka\u017cdemu cz\u0142onkowi Zarz\u0105du przys\u0142uguje 1 g\u0142os, a w przypadku r\u00f3wnowagi decyduje g\u0142os Prezesa.<br \/>\nW przypadkach kiedy zebranie si\u0119 Zarz\u0105du jest utrudnione, dopuszczalne jest podejmowanie decyzji na pi\u015bmie, w formie obiegowej. W takim przypadku dla wa\u017cno\u015bci decyzji wymagane jest, aby opowiedzia\u0142o si\u0119 za ni\u0105 co najmniej 2\/3 cz\u0142onk\u00f3w Zarz\u0105du.<\/p>\n<p><strong><center>\u00a720<\/center><\/strong><\/p>\n<p>Komisja Rewizyjna sk\u0142ada si\u0119 z 3 cz\u0142onk\u00f3w wybranych przez Walne Zebranie spo\u015br\u00f3d kandydat\u00f3w zg\u0142oszonych przez cz\u0142onk\u00f3w. Ka\u017cdy z cz\u0142onk\u00f3w mo\u017ce zg\u0142osi\u0107 tylko jednego kandydata. W przypadku r\u00f3wnej liczby g\u0142os\u00f3w decyduje g\u0142os Przewodnicz\u0105cego<br \/>\nCz\u0142onkowie Komisji Rewizyjnej nie mog\u0105:<br \/>\n    &#8211; by\u0107 cz\u0142onkami Zarz\u0105du Zwi\u0105zku, ani pozostawa\u0107 z nimi w stosunku pokrewie\u0144stwa, powinowactwa lub podleg\u0142o\u015bci z tytu\u0142u zatrudnienia,<br \/>\n    &#8211; by\u0107 skazani prawomocnym wyrokiem za przest\u0119pstwo z winy umy\u015blnej,<br \/>\n    &#8211; Komisja Rewizyjna jest organem kontrolnym Zwi\u0105zku.<br \/>\nKomisja Rewizyjna wybiera ze swojego sk\u0142adu przewodnicz\u0105cego, jego zast\u0119pc\u0119 i sekretarza.<br \/>\nUchwa\u0142y Komisji Rewizyjnej zapadaj\u0105 zwyk\u0142\u0105 wi\u0119kszo\u015bci\u0105 g\u0142os\u00f3w. W przypadku r\u00f3wnej liczby g\u0142os\u00f3w rozstrzyga g\u0142os przewodnicz\u0105cego.<br \/>\nDo zada\u0144 Komisji Rewizyjnej nale\u017cy:<br \/>\n    &#8211; sprawowanie kontroli nad ca\u0142okszta\u0142tem dzia\u0142alno\u015bci Zarz\u0105du pod wzgl\u0119dem prawid\u0142owo\u015bci oraz zgodno\u015bci z przepisami prawa, postanowieniami statutu i uchwa\u0142ami Walnego Zebrania;<br \/>\n    &#8211; przedstawianie Walnemu Zebraniu oceny dzia\u0142alno\u015bci Zwi\u0105zku i zg\u0142aszanie wniosk\u00f3w wynikaj\u0105cych z przeprowadzonych kontroli oraz wniosku o udzielenie absolutorium Zarz\u0105dowi;<br \/>\n    &#8211; opiniowanie rocznych sprawozda\u0144 merytorycznych i finansowych Zarz\u0105du z dzia\u0142alno\u015bci Zwi\u0105zku;<br \/>\nWnioskowanie o zwo\u0142anie Nadzwyczajnego Walnego Zebrania w przypadku stwierdzenia jaskrawych narusze\u0144 statutu Zwi\u0105zku przez Zarz\u0105d.<br \/>\nWyznaczony Uchwa\u0142\u0105 przez Komisj\u0119 Rewizyjn\u0105 cz\u0142onek jest upowa\u017cniony do      reprezentowania Stowarzyszenia w umowach mi\u0119dzy stowarzyszeniem a cz\u0142onkiem Zarz\u0105du oraz w ewentualnych sporach z nimi.<br \/>\nKomisja Rewizyjna mo\u017ce:<br \/>\n    &#8211; \u017c\u0105da\u0107 wyja\u015bnie\u0144 w sprawach dotycz\u0105cych dzia\u0142alno\u015bci Zwi\u0105zku i jego organ\u00f3w;<br \/>\n    &#8211; uczestniczy\u0107 w posiedzeniach Zarz\u0105du z g\u0142osem doradczym.<\/p>\n<p><strong><center>\u00a721<\/center><\/strong><\/p>\n<p>    W ramach struktury organizacyjnej Zwi\u0105zku mog\u0105 by\u0107 powo\u0142ane zespo\u0142y specjalistyczne.<br \/>\n    Poszczeg\u00f3lnymi zespo\u0142ami kieruj\u0105 osoby wybrane przez Zarz\u0105d. Mog\u0105 one powo\u0142ywa\u0107 do sk\u0142adu zespo\u0142\u00f3w osoby nie b\u0119d\u0105ce przedstawicielami cz\u0142onk\u00f3w Zwi\u0105zku.<\/p>\n<p><strong><center>\u00a722<\/center><\/strong><\/p>\n<p>    Biuro Zwi\u0105zku zapewnia w\u0142a\u015bciw\u0105 obs\u0142ug\u0119 merytoryczn\u0105 i techniczn\u0105 prac Walnego Zebrania i Zarz\u0105du.<br \/>\n    Pracami biura kieruje Sekretarz \u2013 cz\u0142onek Zarz\u0105du  lub wskazana przez niego osoba.<br \/>\n    Sekretarz koordynuje bie\u017c\u0105c\u0105 dzia\u0142alno\u015b\u0107 wykonawczo\u2013organizacyjn\u0105 i finansow\u0105 Zwi\u0105zku.<br \/>\n    Sekretarz podejmuje inicjatywy zwi\u0105zane z dzia\u0142alno\u015bci\u0105 cz\u0142onk\u00f3w Zwi\u0105zku w kierunku w\u0142\u0105czenia ich do realizacji program\u00f3w Zwi\u0105zku.<\/p>\n<p><strong><center>Rozdzia\u0142 IV<\/p>\n<p>Fundusze i maj\u0105tek Zwi\u0105zku<\/p>\n<p>\u00a723<\/center><\/strong><br \/>\n    Maj\u0105tek Zwi\u0105zku powstaje z:<br \/>\n    a) wp\u0142yw\u00f3w ze sk\u0142adek cz\u0142onk\u00f3w,<br \/>\n    b) dotacji, subwencji, darowizn, spadk\u00f3w,<br \/>\n    c) wp\u0142yw\u00f3w z dzia\u0142alno\u015bci statutowej i gospodarczej.<br \/>\nZwi\u0105zek opiera  swoj\u0105 dzia\u0142alno\u015b\u0107 na pracy spo\u0142ecznej cz\u0142onk\u00f3w. Dla realizacji cel\u00f3w statutowych Zwi\u0105zek mo\u017ce zawiera\u0107 umowy o prac\u0119, umowy zlecenia, umowy o dzie\u0142o oraz porozumienia z osobami wykonuj\u0105cymi \u015bwiadczenia wolontariackie (porozumienia wolontariackie).<br \/>\nDo sk\u0142adania o\u015bwiadcze\u0144 woli w imieniu Zwi\u0105zku upowa\u017cnionych jest dw\u00f3ch cz\u0142onk\u00f3w Zarz\u0105du dzia\u0142aj\u0105cych \u0142\u0105cznie.<br \/>\nDo zaci\u0105gania zobowi\u0105za\u0144 maj\u0105tkowych  upowa\u017cnionych jest dw\u00f3ch cz\u0142onk\u00f3w Zarz\u0105du dzia\u0142aj\u0105cych \u0142\u0105cznie, w tym: Prezesa lub Wiceprezes lub Skarbnik.<br \/>\nOdp\u0142atna dzia\u0142alno\u015b\u0107 Zwi\u0105zku jest wyodr\u0119bniona rachunkowo od dzia\u0142alno\u015bci nieodp\u0142atnej w spos\u00f3b umo\u017cliwiaj\u0105cy okre\u015blenie przychod\u00f3w, koszt\u00f3w i wynik\u00f3w.<br \/>\nZwi\u0105zek nie mo\u017ce udziela\u0107 po\u017cyczek lub zabezpieczenia zobowi\u0105za\u0144 swoim maj\u0105tkiem w stosunku do jego cz\u0142onk\u00f3w, cz\u0142onk\u00f3w organ\u00f3w Zwi\u0105zku lub jego pracownik\u00f3w oraz os\u00f3b, z kt\u00f3rymi pracownicy pozostaj\u0105 w zwi\u0105zku ma\u0142\u017ce\u0144skim albo w stosunku pokrewie\u0144stwa lub powinowactwa w linii prostej,  pokrewie\u0144stwa lub powinowactwa w linii bocznej do drugiego stopnia albo s\u0105 zwi\u0105zani z tytu\u0142u przysposobienia, opieki lub kurateli, zwanych dalej \u201eosobami bliskimi\u201d.<br \/>\nZwi\u0105zek nie mo\u017ce przekazywa\u0107 swojego maj\u0105tku na rzecz swoich cz\u0142onk\u00f3w lub pracownik\u00f3w oraz ich os\u00f3b bliskich, na zasadach innych ni\u017c w stosunku do os\u00f3b trzecich w szczeg\u00f3lno\u015bci je\u015bli przekazanie to nast\u0119puje bezp\u0142atnie lub na preferencyjnych warunkach.<br \/>\nZwi\u0105zek nie mo\u017ce wykorzystywa\u0107 maj\u0105tku na rzecz swoich cz\u0142onk\u00f3w, cz\u0142onk\u00f3w organ\u00f3w Zwi\u0105zku lub jego pracownik\u00f3w oraz ich os\u00f3b bliskich na zasadach innych ni\u017c w stosunku do os\u00f3b trzecich.<br \/>\nZwi\u0105zek nie mo\u017ce kupowa\u0107 na szczeg\u00f3lnych zasadach towar\u00f3w lub us\u0142ug od podmiot\u00f3w w kt\u00f3rych uczestnicz\u0105 cz\u0142onkowie Zwi\u0105zku, cz\u0142onkowie jego organ\u00f3w lub pracownicy oraz ich osoby bliskie.<\/p>\n<p><strong><center>Rozdzia\u0142 V<\/p>\n<p>Zmiany statutu i rozwi\u0105zanie Zwi\u0105zku<\/p>\n<p>\u00a724<\/center><\/strong><\/p>\n<p>Podejmuj\u0105c uchwa\u0142\u0119 o rozwi\u0105zaniu Zwi\u0105zku, Walne Zebranie okre\u015bla spos\u00f3b przeprowadzania likwidacji Zwi\u0105zku oraz przeznaczenie maj\u0105tku Zwi\u0105zku pozosta\u0142ego po likwidacji, z tym, \u017ce maj\u0105tek ten powinien by\u0107 przeznaczony na cele zbie\u017cne z celami Zwi\u0105zku.<br \/>\nDla przeprowadzenia post\u0119powania likwidacyjnego Walne Zebranie powo\u0142uje komisj\u0119 likwidacyjn\u0105.<br \/>\nSprawy zmian statutu lub rozwi\u0105zania Zwi\u0105zku musz\u0105 by\u0107 umieszczone w porz\u0105dku Walnego Zebrania, dor\u0119czonym cz\u0142onkom Walnego Zebrania na 14 dni przed terminem posiedzenia z podaniem tre\u015bci proponowanych zmian statutu lub przyczyn rozwi\u0105zania Zwi\u0105zku.<\/p>\n","protected":false},"excerpt":{"rendered":"<p>Rozdzia\u0142 I Postanowienia og\u00f3lne \u00a71 Zwi\u0105zek stowarzysze\u0144 o nazwie \u201eForum Aktywizacji Obszar\u00f3w Wiejskich\u201d, zwany w dalszej cz\u0119\u015bci statutu \u201eZwi\u0105zkiem\u201d, jest dobrowolnym, trwa\u0142ym zrzeszeniem stowarzysze\u0144 oraz innych os\u00f3b prawnych. Zwi\u0105zek mo\u017ce pos\u0142ugiwa\u0107 si\u0119 r\u00f3wnie\u017c nazw\u0105 w j\u0119zyku angielskim \u201ePolish Rural Forum\u201d oraz skr\u00f3tem \u201eFAOW\u201d. Zwi\u0105zek jest organizacj\u0105 pozarz\u0105dow\u0105 nie dzia\u0142aj\u0105c\u0105 w celu osi\u0105gni\u0119cia zysku, realizuj\u0105c\u0105 swoje [&hellip;]<\/p>\n","protected":false},"author":1,"featured_media":0,"parent":0,"menu_order":0,"comment_status":"closed","ping_status":"closed","template":"","meta":{"om_disable_all_campaigns":false,"_monsterinsights_skip_tracking":false,"_monsterinsights_sitenote_active":false,"_monsterinsights_sitenote_note":"","_monsterinsights_sitenote_category":0,"ocean_post_layout":"","ocean_both_sidebars_style":"","ocean_both_sidebars_content_width":0,"ocean_both_sidebars_sidebars_width":0,"ocean_sidebar":"0","ocean_second_sidebar":"0","ocean_disable_margins":"enable","ocean_add_body_class":"","ocean_shortcode_before_top_bar":"","ocean_shortcode_after_top_bar":"","ocean_shortcode_before_header":"","ocean_shortcode_after_header":"","ocean_has_shortcode":"","ocean_shortcode_after_title":"","ocean_shortcode_before_footer_widgets":"","ocean_shortcode_after_footer_widgets":"","ocean_shortcode_before_footer_bottom":"","ocean_shortcode_after_footer_bottom":"","ocean_display_top_bar":"default","ocean_display_header":"default","ocean_header_style":"","ocean_center_header_left_menu":"0","ocean_custom_header_template":"0","ocean_custom_logo":0,"ocean_custom_retina_logo":0,"ocean_custom_logo_max_width":0,"ocean_custom_logo_tablet_max_width":0,"ocean_custom_logo_mobile_max_width":0,"ocean_custom_logo_max_height":0,"ocean_custom_logo_tablet_max_height":0,"ocean_custom_logo_mobile_max_height":0,"ocean_header_custom_menu":"0","ocean_menu_typo_font_family":"0","ocean_menu_typo_font_subset":"","ocean_menu_typo_font_size":0,"ocean_menu_typo_font_size_tablet":0,"ocean_menu_typo_font_size_mobile":0,"ocean_menu_typo_font_size_unit":"px","ocean_menu_typo_font_weight":"","ocean_menu_typo_font_weight_tablet":"","ocean_menu_typo_font_weight_mobile":"","ocean_menu_typo_transform":"","ocean_menu_typo_transform_tablet":"","ocean_menu_typo_transform_mobile":"","ocean_menu_typo_line_height":0,"ocean_menu_typo_line_height_tablet":0,"ocean_menu_typo_line_height_mobile":0,"ocean_menu_typo_line_height_unit":"","ocean_menu_typo_spacing":0,"ocean_menu_typo_spacing_tablet":0,"ocean_menu_typo_spacing_mobile":0,"ocean_menu_typo_spacing_unit":"","ocean_menu_link_color":"","ocean_menu_link_color_hover":"","ocean_menu_link_color_active":"","ocean_menu_link_background":"","ocean_menu_link_hover_background":"","ocean_menu_link_active_background":"","ocean_menu_social_links_bg":"","ocean_menu_social_hover_links_bg":"","ocean_menu_social_links_color":"","ocean_menu_social_hover_links_color":"","ocean_disable_title":"default","ocean_disable_heading":"default","ocean_post_title":"","ocean_post_subheading":"","ocean_post_title_style":"","ocean_post_title_background_color":"","ocean_post_title_background":0,"ocean_post_title_bg_image_position":"","ocean_post_title_bg_image_attachment":"","ocean_post_title_bg_image_repeat":"","ocean_post_title_bg_image_size":"","ocean_post_title_height":0,"ocean_post_title_bg_overlay":0.5,"ocean_post_title_bg_overlay_color":"","ocean_disable_breadcrumbs":"default","ocean_breadcrumbs_color":"","ocean_breadcrumbs_separator_color":"","ocean_breadcrumbs_links_color":"","ocean_breadcrumbs_links_hover_color":"","ocean_display_footer_widgets":"default","ocean_display_footer_bottom":"default","ocean_custom_footer_template":"0","footnotes":""},"class_list":["post-1618","page","type-page","status-publish","hentry","entry"],"aioseo_notices":[],"_links":{"self":[{"href":"https:\/\/faow.pl\/index.php?rest_route=\/wp\/v2\/pages\/1618","targetHints":{"allow":["GET"]}}],"collection":[{"href":"https:\/\/faow.pl\/index.php?rest_route=\/wp\/v2\/pages"}],"about":[{"href":"https:\/\/faow.pl\/index.php?rest_route=\/wp\/v2\/types\/page"}],"author":[{"embeddable":true,"href":"https:\/\/faow.pl\/index.php?rest_route=\/wp\/v2\/users\/1"}],"replies":[{"embeddable":true,"href":"https:\/\/faow.pl\/index.php?rest_route=%2Fwp%2Fv2%2Fcomments&post=1618"}],"version-history":[{"count":1,"href":"https:\/\/faow.pl\/index.php?rest_route=\/wp\/v2\/pages\/1618\/revisions"}],"predecessor-version":[{"id":1619,"href":"https:\/\/faow.pl\/index.php?rest_route=\/wp\/v2\/pages\/1618\/revisions\/1619"}],"wp:attachment":[{"href":"https:\/\/faow.pl\/index.php?rest_route=%2Fwp%2Fv2%2Fmedia&parent=1618"}],"curies":[{"name":"wp","href":"https:\/\/api.w.org\/{rel}","templated":true}]}}